{"id":7794,"date":"2024-12-27T17:26:06","date_gmt":"2024-12-27T17:26:06","guid":{"rendered":"http:\/\/www.andancas.net\/site\/?page_id=7794"},"modified":"2025-08-04T15:45:45","modified_gmt":"2025-08-04T15:45:45","slug":"sustentabilidade","status":"publish","type":"page","link":"https:\/\/www.andancas.net\/site\/sustentabilidade\/","title":{"rendered":"SUSTENTABILIDADE"},"content":{"rendered":"\t\t<div data-elementor-type=\"wp-page\" data-elementor-id=\"7794\" class=\"elementor elementor-7794\" data-elementor-settings=\"{&quot;ha_cmc_init_switcher&quot;:&quot;no&quot;}\">\n\t\t\t\t<div class=\"elementor-element elementor-element-d600d49 e-flex e-con-boxed e-con e-parent\" data-id=\"d600d49\" data-element_type=\"container\" data-e-type=\"container\" data-settings=\"{&quot;_ha_eqh_enable&quot;:false}\">\n\t\t\t\t\t<div class=\"e-con-inner\">\n\t\t<div class=\"elementor-element elementor-element-f749ccd e-con-full e-flex e-con e-child\" data-id=\"f749ccd\" data-element_type=\"container\" data-e-type=\"container\" data-settings=\"{&quot;_ha_eqh_enable&quot;:false}\">\n\t\t\t\t<div class=\"elementor-element elementor-element-0d77346 elementor-widget elementor-widget-text-editor\" data-id=\"0d77346\" data-element_type=\"widget\" data-e-type=\"widget\" data-widget_type=\"text-editor.default\">\n\t\t\t\t<div class=\"elementor-widget-container\">\n\t\t\t\t\t\t\t\t\t<h3><span style=\"color: #f7931e;\">COMO FAZEMOS<\/span><\/h3><p>O Andan\u00e7as promove uma vis\u00e3o sist\u00e9mica e de ciclo-de-vida dos processos de produ\u00e7\u00e3o e consumo, de produtos e servi\u00e7os, com objetivos idealizados de \u201czero desperd\u00edcio\u201d, procurando contribuir para um consumo e modos de vida mais sustent\u00e1veis.<\/p><h4>PRINC\u00cdPIOS E COMPROMISSOS<\/h4><p>Na P\u00e9deXumbo temos consci\u00eancia que qualquer evento de grandes dimens\u00f5es produz impactes ambientais, sociais e econ\u00f3micos. Procuramos, por isso, estar atentos e reduzir os impactes negativos do Andan\u00e7as, e escolhemos adotar melhores pr\u00e1ticas, aplicando-as de forma continuada e progressiva, tendo como objetivos:<br \/><strong><br \/>1. Reduzir os impactos negativos locais e globais<\/strong>, fazendo com que o festival toque na Terra de modo mais suave.<br \/><strong>2. Criar \u00a0mudan\u00e7as locais e regionais para a sustentabilidade<\/strong>, atrav\u00e9s de melhores pr\u00e1ticas que se enra\u00edzem e deem frutos.<br \/><strong>3. Difundir princ\u00edpios e pr\u00e1ticas<\/strong>\u00a0que os diversos participantes levem consigo, como sementes que podem germinar e frutificar noutros locais, no seu dia a dia.<\/p><p>O mundo poderia ser muito mais justo, solid\u00e1rio e sustent\u00e1vel apenas com pequenas mudan\u00e7as nos nossos comportamentos.<\/p><p><strong>Fica o convite para que venham experimentar, partilhar e ajudar-nos a fazer o Andan\u00e7as um festival cada vez mais sustent\u00e1vel!<\/strong><\/p>\t\t\t\t\t\t\t\t<\/div>\n\t\t\t\t<\/div>\n\t\t\t\t<\/div>\n\t\t\t\t<div class=\"elementor-element elementor-element-95298a9 elementor-widget elementor-widget-spacer\" data-id=\"95298a9\" data-element_type=\"widget\" data-e-type=\"widget\" data-widget_type=\"spacer.default\">\n\t\t\t\t<div class=\"elementor-widget-container\">\n\t\t\t\t\t\t\t<div class=\"elementor-spacer\">\n\t\t\t<div class=\"elementor-spacer-inner\"><\/div>\n\t\t<\/div>\n\t\t\t\t\t\t<\/div>\n\t\t\t\t<\/div>\n\t\t<div class=\"elementor-element elementor-element-98226f7 e-con-full e-flex e-con e-child\" data-id=\"98226f7\" data-element_type=\"container\" data-e-type=\"container\" data-settings=\"{&quot;_ha_eqh_enable&quot;:false}\">\n\t\t\t\t<div class=\"elementor-element elementor-element-7fa054c elementor-widget elementor-widget-text-editor\" data-id=\"7fa054c\" data-element_type=\"widget\" data-e-type=\"widget\" data-widget_type=\"text-editor.default\">\n\t\t\t\t<div class=\"elementor-widget-container\">\n\t\t\t\t\t\t\t\t\t<h3><span style=\"color: #f7931e;\"><strong>ZERO DESPERD\u00cdCIO<\/strong><\/span><\/h3><h4>ZERO DESCART\u00c1VEL<\/h4><p>No Andan\u00e7as n\u00e3o usamos loi\u00e7a descart\u00e1vel \u2013 n\u00e3o h\u00e1 copos, nem pratos, nem talheres de pl\u00e1stico descart\u00e1veis. H\u00e1 canecas reutiliz\u00e1veis para cada participante e os pratos e talheres lavados depois das refei\u00e7\u00f5es.<\/p><p>A caneca \u00e9 um \u00edcone do Andan\u00e7as e da P\u00e9deXumbo. Pedimos a todos que tragam a sua caneca \u2013 capacidade at\u00e9 20 cl; ou que a obtenham por empr\u00e9stimo com cau\u00e7\u00e3o, no pr\u00f3prio festival, que poder\u00e3o devolver, reavendo o seu dinheiro.<br \/>Para reduzir o consumo de garrafas de pl\u00e1stico h\u00e1 tamb\u00e9m pontos de \u00e1gua pot\u00e1vel, incentivando-se a distribui\u00e7\u00e3o de bebidas por press\u00e3o, como a cerveja. Promovemos tamb\u00e9m a utiliza\u00e7\u00e3o de a\u00e7ucareiros, em vez dos tradicionais pacotes de a\u00e7\u00facar\u00a0e o uso de alternativas aos pauzinhos descart\u00e1veis para o caf\u00e9.<\/p><h4>ZERO DESPERD\u00cdCIO DE \u00c1GUA<\/h4><p>No Andan\u00e7as procuramos incentivar o uso consciente da \u00e1gua como um bem precioso e escasso, e sensibilizar para a sua poupan\u00e7a. Evitamos o seu desperd\u00edcio utilizando torneiras autom\u00e1ticas.<\/p><h4>ZERO DESPERD\u00cdCIO DE COMIDA \u2013 DOSE CERTA!<\/h4><p>No Andan\u00e7as incentivamos a redu\u00e7\u00e3o do desperd\u00edcio alimentar atrav\u00e9s da Dose Certa, sensibilizando as pessoas para se servirem apenas da quantidade de comida que ir\u00e3o consumir.<\/p>\t\t\t\t\t\t\t\t<\/div>\n\t\t\t\t<\/div>\n\t\t\t\t<\/div>\n\t\t\t\t<div class=\"elementor-element elementor-element-14e37bb elementor-widget elementor-widget-spacer\" data-id=\"14e37bb\" data-element_type=\"widget\" data-e-type=\"widget\" data-widget_type=\"spacer.default\">\n\t\t\t\t<div class=\"elementor-widget-container\">\n\t\t\t\t\t\t\t<div class=\"elementor-spacer\">\n\t\t\t<div class=\"elementor-spacer-inner\"><\/div>\n\t\t<\/div>\n\t\t\t\t\t\t<\/div>\n\t\t\t\t<\/div>\n\t\t<div class=\"elementor-element elementor-element-343a2eb e-con-full e-flex e-con e-child\" data-id=\"343a2eb\" data-element_type=\"container\" data-e-type=\"container\" data-settings=\"{&quot;_ha_eqh_enable&quot;:false}\">\n\t\t\t\t<div class=\"elementor-element elementor-element-376c943 elementor-widget elementor-widget-text-editor\" data-id=\"376c943\" data-element_type=\"widget\" data-e-type=\"widget\" data-widget_type=\"text-editor.default\">\n\t\t\t\t<div class=\"elementor-widget-container\">\n\t\t\t\t\t\t\t\t\t<h3><span style=\"color: #f7931e;\">MELHORES H\u00c1BITOS<\/span><\/h3><h4>MOBILIDADE MAIS SUSTENT\u00c1VEL COMO UM H\u00c1BITO<\/h4><p>A desloca\u00e7\u00e3o em transportes coletivos ou a partilha de carro tem in\u00fameras vantagens, al\u00e9m das econ\u00f3micas e ambientais (como a redu\u00e7\u00e3o de emiss\u00f5es gasosas e de energia consumida), tamb\u00e9m as sociais. No Andan\u00e7as tentamos mostrar que estas s\u00e3o op\u00e7\u00f5es vi\u00e1veis: transportes coletivos que servem o festival, partilha de boleia entre amigos, e utiliza\u00e7\u00e3o de sites e p\u00e1ginas de boleias. \u00c9 sobretudo uma quest\u00e3o de consci\u00eancia, de motiva\u00e7\u00e3o e de planeamento antecipado.<\/p><h4>REUTILIZA\u00c7\u00c3O COMO UM H\u00c1BITO<\/h4><p>\u00c9 f\u00e1cil darmos uma vida mais longa aos objetos que nos rodeiam, evitando desperdi\u00e7ar os recursos naturais e a energia usados na sua produ\u00e7\u00e3o. No Andan\u00e7as procuramos transmitir esta mensagem, incentivando cada um a personalizar a sua caneca e a reutiliz\u00e1-la noutros eventos; lembrando que as garrafas de \u00e1gua podem ser novamente cheias com \u00e1gua da torneira, e que a loi\u00e7a deve ser reutiliz\u00e1vel. Evitamos tamb\u00e9m o\u00a0 merchandising.<\/p><h4>RECICLAGEM COMO UM H\u00c1BITO<\/h4><p>A reciclagem \u00e9 hoje um h\u00e1bito que j\u00e1 ganhou for\u00e7a na consci\u00eancia de todos \u2013 no Andan\u00e7as fazemos a recolha seletiva de res\u00edduos para reciclagem. Os mini-ecopontos para embalagens est\u00e3o espalhados por todo o recinto; os res\u00edduos org\u00e2nicos s\u00e3o separados para compostagem local.<\/p><h4>CINZEIROS COMO UM H\u00c1BITO<\/h4><p>Se fumarem tragam o vosso cinzeiro de bolso, ou arranjem um no festival \u2013 disponibilizamos v\u00e1rias alternativas. A ideia \u00e9 criar esse h\u00e1bito, para que as beatas n\u00e3o acabem no ch\u00e3o \u2013 dentro e fora do festival.<\/p>\t\t\t\t\t\t\t\t<\/div>\n\t\t\t\t<\/div>\n\t\t\t\t<\/div>\n\t\t\t\t<div class=\"elementor-element elementor-element-ce7aa8a elementor-widget elementor-widget-spacer\" data-id=\"ce7aa8a\" data-element_type=\"widget\" data-e-type=\"widget\" data-widget_type=\"spacer.default\">\n\t\t\t\t<div class=\"elementor-widget-container\">\n\t\t\t\t\t\t\t<div class=\"elementor-spacer\">\n\t\t\t<div class=\"elementor-spacer-inner\"><\/div>\n\t\t<\/div>\n\t\t\t\t\t\t<\/div>\n\t\t\t\t<\/div>\n\t\t<div class=\"elementor-element elementor-element-99917e6 e-con-full e-flex e-con e-child\" data-id=\"99917e6\" data-element_type=\"container\" data-e-type=\"container\" data-settings=\"{&quot;_ha_eqh_enable&quot;:false}\">\n\t\t\t\t<div class=\"elementor-element elementor-element-79a936b elementor-widget elementor-widget-text-editor\" data-id=\"79a936b\" data-element_type=\"widget\" data-e-type=\"widget\" data-widget_type=\"text-editor.default\">\n\t\t\t\t<div class=\"elementor-widget-container\">\n\t\t\t\t\t\t\t\t\t<h3><span style=\"color: #f7931e;\">ECONOMIA LOCAL<\/span><\/h3><h4>MENU QUIL\u00d3METRO ZERO<\/h4><p>No Andan\u00e7as usamos, sempre que poss\u00edvel, fornecedores locais e as refei\u00e7\u00f5es s\u00e3o tamb\u00e9m confecionadas com ingredientes produzidos localmente. O objetivo \u00e9 incentivar a economia local, mas tamb\u00e9m reduzir a \u201cpegada ecol\u00f3gica\u201d, e custos desnecess\u00e1rios com a alimenta\u00e7\u00e3o.<\/p><h4>COMPRAR O QUE \u00c9 NOSSO<\/h4><p>Procuramos incentivar a produ\u00e7\u00e3o nacional, a criatividade e os produtos e servi\u00e7os mais sustent\u00e1veis e de qualidade. Consideramos que o Andan\u00e7as tem um papel ativo na sensibiliza\u00e7\u00e3o e influ\u00eancia do mercado (produtores, fornecedores e consumidores), mostrando que h\u00e1 procura e espa\u00e7o para alternativas mais sustent\u00e1veis e para empresas que apostem na inova\u00e7\u00e3o e no que nos diferencia.<\/p><h4>ENERGIAS RENOV\u00c1VEIS<\/h4><p>Portugal \u00e9 rico em energias renov\u00e1veis, como o Sol, o vento ou as mar\u00e9s. Al\u00e9m da preocupa\u00e7\u00e3o com a redu\u00e7\u00e3o dos consumos de energia e a efici\u00eancia energ\u00e9tica, no Andan\u00e7as procuramos dar a conhecer as v\u00e1rias alternativas energ\u00e9ticas, sobretudo relacionadas com o Sol: para ilumina\u00e7\u00e3o, para aquecimento de \u00e1gua, ou para cozinhar (como os fornos solares).<\/p>\t\t\t\t\t\t\t\t<\/div>\n\t\t\t\t<\/div>\n\t\t\t\t<\/div>\n\t\t\t\t\t<\/div>\n\t\t\t\t<\/div>\n\t\t<div class=\"elementor-element elementor-element-6e808a2 e-flex e-con-boxed e-con e-parent\" data-id=\"6e808a2\" data-element_type=\"container\" data-e-type=\"container\" data-settings=\"{&quot;_ha_eqh_enable&quot;:false}\">\n\t\t\t\t\t<div class=\"e-con-inner\">\n\t\t<div class=\"elementor-element elementor-element-0c297e6 e-con-full e-flex e-con e-child\" data-id=\"0c297e6\" data-element_type=\"container\" data-e-type=\"container\" data-settings=\"{&quot;_ha_eqh_enable&quot;:false}\">\n\t\t\t\t<div class=\"elementor-element elementor-element-adefc93 elementor-widget elementor-widget-image\" data-id=\"adefc93\" data-element_type=\"widget\" data-e-type=\"widget\" data-widget_type=\"image.default\">\n\t\t\t\t<div class=\"elementor-widget-container\">\n\t\t\t\t\t\t\t\t\t\t\t\t\t\t\t<img fetchpriority=\"high\" decoding=\"async\" width=\"1024\" height=\"682\" src=\"https:\/\/www.andancas.net\/site\/wp-content\/uploads\/2024\/12\/EDL_8949-1-1024x682.jpg\" class=\"attachment-large size-large wp-image-7806\" alt=\"\" srcset=\"https:\/\/www.andancas.net\/site\/wp-content\/uploads\/2024\/12\/EDL_8949-1-1024x682.jpg 1024w, https:\/\/www.andancas.net\/site\/wp-content\/uploads\/2024\/12\/EDL_8949-1-300x200.jpg 300w, https:\/\/www.andancas.net\/site\/wp-content\/uploads\/2024\/12\/EDL_8949-1.jpg 1400w\" sizes=\"(max-width: 1024px) 100vw, 1024px\" \/>\t\t\t\t\t\t\t\t\t\t\t\t\t\t\t<\/div>\n\t\t\t\t<\/div>\n\t\t\t\t<\/div>\n\t\t<div class=\"elementor-element elementor-element-d011636 e-con-full e-flex e-con e-child\" data-id=\"d011636\" data-element_type=\"container\" data-e-type=\"container\" data-settings=\"{&quot;_ha_eqh_enable&quot;:false}\">\n\t\t\t\t<div class=\"elementor-element elementor-element-0daf68d elementor-widget elementor-widget-image\" data-id=\"0daf68d\" data-element_type=\"widget\" data-e-type=\"widget\" data-widget_type=\"image.default\">\n\t\t\t\t<div class=\"elementor-widget-container\">\n\t\t\t\t\t\t\t\t\t\t\t\t\t\t\t<img decoding=\"async\" width=\"1024\" height=\"682\" src=\"https:\/\/www.andancas.net\/site\/wp-content\/uploads\/2024\/12\/Design-sem-nome-1-1024x682.png\" class=\"attachment-large size-large wp-image-7808\" alt=\"\" srcset=\"https:\/\/www.andancas.net\/site\/wp-content\/uploads\/2024\/12\/Design-sem-nome-1-1024x682.png 1024w, https:\/\/www.andancas.net\/site\/wp-content\/uploads\/2024\/12\/Design-sem-nome-1-300x200.png 300w, https:\/\/www.andancas.net\/site\/wp-content\/uploads\/2024\/12\/Design-sem-nome-1.png 1400w\" sizes=\"(max-width: 1024px) 100vw, 1024px\" \/>\t\t\t\t\t\t\t\t\t\t\t\t\t\t\t<\/div>\n\t\t\t\t<\/div>\n\t\t\t\t<\/div>\n\t\t<div class=\"elementor-element elementor-element-157cd19 e-con-full e-flex e-con e-child\" data-id=\"157cd19\" data-element_type=\"container\" data-e-type=\"container\" data-settings=\"{&quot;_ha_eqh_enable&quot;:false}\">\n\t\t\t\t<div class=\"elementor-element elementor-element-a65c521 elementor-widget elementor-widget-image\" data-id=\"a65c521\" data-element_type=\"widget\" data-e-type=\"widget\" data-widget_type=\"image.default\">\n\t\t\t\t<div class=\"elementor-widget-container\">\n\t\t\t\t\t\t\t\t\t\t\t\t\t\t\t<img decoding=\"async\" width=\"848\" height=\"565\" src=\"https:\/\/www.andancas.net\/site\/wp-content\/uploads\/2024\/12\/festival-andancas_casas-de-banho-secas-848x565-1.jpg\" class=\"attachment-large size-large wp-image-7813\" alt=\"\" srcset=\"https:\/\/www.andancas.net\/site\/wp-content\/uploads\/2024\/12\/festival-andancas_casas-de-banho-secas-848x565-1.jpg 848w, https:\/\/www.andancas.net\/site\/wp-content\/uploads\/2024\/12\/festival-andancas_casas-de-banho-secas-848x565-1-300x200.jpg 300w\" sizes=\"(max-width: 848px) 100vw, 848px\" \/>\t\t\t\t\t\t\t\t\t\t\t\t\t\t\t<\/div>\n\t\t\t\t<\/div>\n\t\t\t\t<\/div>\n\t\t<div class=\"elementor-element elementor-element-10151fa e-con-full e-flex e-con e-child\" data-id=\"10151fa\" data-element_type=\"container\" data-e-type=\"container\" data-settings=\"{&quot;_ha_eqh_enable&quot;:false}\">\n\t\t\t\t<div class=\"elementor-element elementor-element-c4cc81a elementor-widget elementor-widget-image\" data-id=\"c4cc81a\" data-element_type=\"widget\" data-e-type=\"widget\" data-widget_type=\"image.default\">\n\t\t\t\t<div class=\"elementor-widget-container\">\n\t\t\t\t\t\t\t\t\t\t\t\t\t\t\t<img loading=\"lazy\" decoding=\"async\" width=\"1024\" height=\"683\" src=\"https:\/\/www.andancas.net\/site\/wp-content\/uploads\/2024\/12\/110-Fotojonic-andancas2016f-1024x683.jpg\" class=\"attachment-large size-large wp-image-7809\" alt=\"\" srcset=\"https:\/\/www.andancas.net\/site\/wp-content\/uploads\/2024\/12\/110-Fotojonic-andancas2016f-1024x683.jpg 1024w, https:\/\/www.andancas.net\/site\/wp-content\/uploads\/2024\/12\/110-Fotojonic-andancas2016f-300x200.jpg 300w, https:\/\/www.andancas.net\/site\/wp-content\/uploads\/2024\/12\/110-Fotojonic-andancas2016f.jpg 1500w\" sizes=\"(max-width: 1024px) 100vw, 1024px\" \/>\t\t\t\t\t\t\t\t\t\t\t\t\t\t\t<\/div>\n\t\t\t\t<\/div>\n\t\t\t\t<\/div>\n\t\t\t\t\t<\/div>\n\t\t\t\t<\/div>\n\t\t<div class=\"elementor-element elementor-element-19ed8fb e-flex e-con-boxed e-con e-parent\" data-id=\"19ed8fb\" data-element_type=\"container\" data-e-type=\"container\" data-settings=\"{&quot;_ha_eqh_enable&quot;:false}\">\n\t\t\t\t\t<div class=\"e-con-inner\">\n\t\t\t\t<div class=\"elementor-element elementor-element-f6f1a5f elementor-widget elementor-widget-spacer\" data-id=\"f6f1a5f\" data-element_type=\"widget\" data-e-type=\"widget\" data-widget_type=\"spacer.default\">\n\t\t\t\t<div class=\"elementor-widget-container\">\n\t\t\t\t\t\t\t<div class=\"elementor-spacer\">\n\t\t\t<div class=\"elementor-spacer-inner\"><\/div>\n\t\t<\/div>\n\t\t\t\t\t\t<\/div>\n\t\t\t\t<\/div>\n\t\t\t\t<div class=\"elementor-element elementor-element-cab0820 elementor-widget elementor-widget-heading\" data-id=\"cab0820\" data-element_type=\"widget\" data-e-type=\"widget\" data-widget_type=\"heading.default\">\n\t\t\t\t<div class=\"elementor-widget-container\">\n\t\t\t\t\t<h2 class=\"elementor-heading-title elementor-size-default\">SER SUSTENT\u00c1VEL NO ANDAN\u00c7AS \u00c9...<\/h2>\t\t\t\t<\/div>\n\t\t\t\t<\/div>\n\t\t\t\t\t<\/div>\n\t\t\t\t<\/div>\n\t\t<div class=\"elementor-element elementor-element-cbc46c6 e-flex e-con-boxed e-con e-parent\" data-id=\"cbc46c6\" data-element_type=\"container\" data-e-type=\"container\" data-settings=\"{&quot;_ha_eqh_enable&quot;:false}\">\n\t\t\t\t\t<div class=\"e-con-inner\">\n\t\t<div class=\"elementor-element elementor-element-5735c2d e-con-full e-flex e-con e-child\" data-id=\"5735c2d\" data-element_type=\"container\" data-e-type=\"container\" data-settings=\"{&quot;_ha_eqh_enable&quot;:false}\">\n\t\t\t\t<div class=\"elementor-element elementor-element-a321d94 elementor-widget elementor-widget-text-editor\" data-id=\"a321d94\" data-element_type=\"widget\" data-e-type=\"widget\" data-widget_type=\"text-editor.default\">\n\t\t\t\t<div class=\"elementor-widget-container\">\n\t\t\t\t\t\t\t\t\t<p style=\"text-align: center;\"><span style=\"color: #000000;\"><strong>Usar a Caneca Andan\u00e7as e dizer n\u00e3o aos pl\u00e1sticos e descart\u00e1veis! \u00c9 dizer sim \u00e0 reutiliza\u00e7\u00e3o como um h\u00e1bito. <\/strong>A caneca \u00e9 um \u00edcone do Andan\u00e7as e da P\u00e9deXumbo. Pedimos a todos que tragam a sua caneca de casa, com capacidade at\u00e9 20 cl. Caso n\u00e3o tenham, podem comprar uma caneca no Canec\u00e1rio ou junto dos pontos de refei\u00e7\u00e3o.\u00a0 <br \/><\/span><span style=\"color: #000000;\"><strong>#zerodescartaveis<\/strong><\/span><\/p>\t\t\t\t\t\t\t\t<\/div>\n\t\t\t\t<\/div>\n\t\t\t\t<\/div>\n\t\t<div class=\"elementor-element elementor-element-4cd6fbc e-con-full e-flex e-con e-child\" data-id=\"4cd6fbc\" data-element_type=\"container\" data-e-type=\"container\" data-settings=\"{&quot;_ha_eqh_enable&quot;:false}\">\n\t\t\t\t<div class=\"elementor-element elementor-element-ea885bf elementor-widget elementor-widget-text-editor\" data-id=\"ea885bf\" data-element_type=\"widget\" data-e-type=\"widget\" data-widget_type=\"text-editor.default\">\n\t\t\t\t<div class=\"elementor-widget-container\">\n\t\t\t\t\t\t\t\t\t<p style=\"text-align: center;\"><strong>Circular no Autocarro Andan\u00e7as<\/strong> para nos deslocarmos \u00e0s visitas-passeio programadas nesta edi\u00e7\u00e3o \u00abA Caminhar para o Andan\u00e7as\u00bb, de acordo com o hor\u00e1rio de partida e local indicado no programa. Devemos evitar circular no nosso carro pr\u00f3prio por uma mobilidade mais sustent\u00e1vel, com vantagens econ\u00f3micas e ambientais!\u00a0<\/p><p style=\"text-align: center;\"><strong>\u00a0#mobilidadesustentavel<\/strong><\/p><p style=\"text-align: center;\">\u00a0<\/p><p style=\"text-align: center;\">\u00a0<\/p>\t\t\t\t\t\t\t\t<\/div>\n\t\t\t\t<\/div>\n\t\t\t\t<\/div>\n\t\t<div class=\"elementor-element elementor-element-d6064e9 e-con-full e-flex e-con e-child\" data-id=\"d6064e9\" data-element_type=\"container\" data-e-type=\"container\" data-settings=\"{&quot;_ha_eqh_enable&quot;:false}\">\n\t\t\t\t<div class=\"elementor-element elementor-element-7bcc533 elementor-widget elementor-widget-text-editor\" data-id=\"7bcc533\" data-element_type=\"widget\" data-e-type=\"widget\" data-widget_type=\"text-editor.default\">\n\t\t\t\t<div class=\"elementor-widget-container\">\n\t\t\t\t\t\t\t\t\t<p style=\"text-align: center;\"><strong>Pedir a dose certa nas refei\u00e7\u00f5es! <\/strong>No Andan\u00e7as incentivamos a redu\u00e7\u00e3o do desperd\u00edcio alimentar atrav\u00e9s da Dose Certa, sensibilizando as pessoas para se servirem, ou pedirem a quem est\u00e1 a servir, apenas da quantidade de comida que ir\u00e3o consumir.<\/p><p style=\"text-align: center;\"><strong>#zerodesperdicio<\/strong><\/p>\t\t\t\t\t\t\t\t<\/div>\n\t\t\t\t<\/div>\n\t\t\t\t<\/div>\n\t\t\t\t\t<\/div>\n\t\t\t\t<\/div>\n\t\t<div class=\"elementor-element elementor-element-06d6853 e-flex e-con-boxed e-con e-parent\" data-id=\"06d6853\" data-element_type=\"container\" data-e-type=\"container\" data-settings=\"{&quot;_ha_eqh_enable&quot;:false}\">\n\t\t\t\t\t<div class=\"e-con-inner\">\n\t\t<div class=\"elementor-element elementor-element-980ad5c e-con-full e-flex e-con e-child\" data-id=\"980ad5c\" data-element_type=\"container\" data-e-type=\"container\" data-settings=\"{&quot;_ha_eqh_enable&quot;:false}\">\n\t\t\t\t<div class=\"elementor-element elementor-element-3b4c34b elementor-widget elementor-widget-text-editor\" data-id=\"3b4c34b\" data-element_type=\"widget\" data-e-type=\"widget\" data-widget_type=\"text-editor.default\">\n\t\t\t\t<div class=\"elementor-widget-container\">\n\t\t\t\t\t\t\t\t\t<p style=\"text-align: center;\"><strong>Comprar produtos locais!<\/strong> No Andan\u00e7as usamos, sempre que poss\u00edvel, fornecedores locais e as refei\u00e7\u00f5es s\u00e3o tamb\u00e9m confecionadas com ingredientes produzidos localmente. Este ano contamos com a associa\u00e7\u00f5es locais para confecionar os almo\u00e7os do programa \u00abA Caminhar para o Andan\u00e7as\u00bb.\u00a0 O objetivo \u00e9 incentivar a economia local, mas tamb\u00e9m reduzir a \u201cpegada ecol\u00f3gica\u201d, e custos desnecess\u00e1rios com a alimenta\u00e7\u00e3o. Incentivamos ainda os &#8220;<em>andantes&#8221;<\/em> a comprar produtos locais nos pontos de com\u00e9rcio local.<\/p><p style=\"text-align: center;\"><strong>#quilometrozero<\/strong><\/p>\t\t\t\t\t\t\t\t<\/div>\n\t\t\t\t<\/div>\n\t\t\t\t<\/div>\n\t\t<div class=\"elementor-element elementor-element-d4f254d e-con-full e-flex e-con e-child\" data-id=\"d4f254d\" data-element_type=\"container\" data-e-type=\"container\" data-settings=\"{&quot;_ha_eqh_enable&quot;:false}\">\n\t\t\t\t<div class=\"elementor-element elementor-element-ff50ce3 elementor-widget elementor-widget-text-editor\" data-id=\"ff50ce3\" data-element_type=\"widget\" data-e-type=\"widget\" data-widget_type=\"text-editor.default\">\n\t\t\t\t<div class=\"elementor-widget-container\">\n\t\t\t\t\t\t\t\t\t<p style=\"text-align: center;\"><strong>Reciclar! <\/strong>No Andan\u00e7as fazemos a recolha seletiva de res\u00edduos para reciclagem. Os habituais eco-pontos para embalagens estar\u00e3o disponiveis nos espa\u00e7os de programa\u00e7\u00e3o para que todos os &#8220;andantes&#8221; possam cumprir esta pr\u00e1tica de separa\u00e7\u00e3o dos res\u00edduos, apoiando o trabalho da recolha seletiva.<\/p><p style=\"text-align: center;\"><strong>#reciclagemcomoumh\u00e1bito<\/strong><\/p>\t\t\t\t\t\t\t\t<\/div>\n\t\t\t\t<\/div>\n\t\t\t\t<\/div>\n\t\t<div class=\"elementor-element elementor-element-0ff2ab2 e-con-full e-flex e-con e-child\" data-id=\"0ff2ab2\" data-element_type=\"container\" data-e-type=\"container\" data-settings=\"{&quot;_ha_eqh_enable&quot;:false}\">\n\t\t\t\t<div class=\"elementor-element elementor-element-7a32ea8 elementor-widget elementor-widget-text-editor\" data-id=\"7a32ea8\" data-element_type=\"widget\" data-e-type=\"widget\" data-widget_type=\"text-editor.default\">\n\t\t\t\t<div class=\"elementor-widget-container\">\n\t\t\t\t\t\t\t\t\t<p style=\"text-align: center;\"><strong>Trazer um cinzeiro de bolso!\u00a0<\/strong>Nesta edi\u00e7\u00e3o vamos caminhar e circular por v\u00e1rios pontos da regi\u00e3o de Reguengos de Monsaraz, incluindo lugares no meio da natureza. Recomendamos a todos os fumadores que tragam consigo o seu cinzeiro de bolso. Podem ainda arranjar um cinzeiro de bolso na recep\u00e7\u00e3o ao participante. O objetivo \u00e9 criar este h\u00e1bito para que as beatas nunca acabem no ch\u00e3o.<\/p><p style=\"text-align: center;\"><strong>#cinzeiroscomoumh\u00e1bito<\/strong><\/p>\t\t\t\t\t\t\t\t<\/div>\n\t\t\t\t<\/div>\n\t\t\t\t<\/div>\n\t\t\t\t\t<\/div>\n\t\t\t\t<\/div>\n\t\t<div class=\"elementor-element elementor-element-b831a8f e-flex e-con-boxed e-con e-parent\" data-id=\"b831a8f\" data-element_type=\"container\" data-e-type=\"container\" data-settings=\"{&quot;_ha_eqh_enable&quot;:false}\">\n\t\t\t\t\t<div class=\"e-con-inner\">\n\t\t\t\t<div class=\"elementor-element elementor-element-d7a7866 elementor-widget elementor-widget-text-editor\" data-id=\"d7a7866\" data-element_type=\"widget\" data-e-type=\"widget\" data-widget_type=\"text-editor.default\">\n\t\t\t\t<div class=\"elementor-widget-container\">\n\t\t\t\t\t\t\t\t\t<p style=\"text-align: center;\"><strong>Poupar \u00e1gua!<\/strong>No Andan\u00e7as procuramos incentivar o uso consciente da \u00e1gua como um bem precioso e escasso, e sensibilizar para a sua poupan\u00e7a. Evitamos o seu desperd\u00edcio utilizando torneiras autom\u00e1ticas, sempre que possivel.<\/p><p style=\"text-align: center;\"><strong>#zerodesperdiciode\u00e1gua<\/strong><\/p>\t\t\t\t\t\t\t\t<\/div>\n\t\t\t\t<\/div>\n\t\t\t\t<div class=\"elementor-element elementor-element-e890ff2 elementor-widget elementor-widget-spacer\" data-id=\"e890ff2\" data-element_type=\"widget\" data-e-type=\"widget\" data-widget_type=\"spacer.default\">\n\t\t\t\t<div class=\"elementor-widget-container\">\n\t\t\t\t\t\t\t<div class=\"elementor-spacer\">\n\t\t\t<div class=\"elementor-spacer-inner\"><\/div>\n\t\t<\/div>\n\t\t\t\t\t\t<\/div>\n\t\t\t\t<\/div>\n\t\t\t\t\t<\/div>\n\t\t\t\t<\/div>\n\t\t<div class=\"elementor-element elementor-element-8fc63e3 e-flex e-con-boxed e-con e-parent\" data-id=\"8fc63e3\" data-element_type=\"container\" data-e-type=\"container\" data-settings=\"{&quot;_ha_eqh_enable&quot;:false}\">\n\t\t\t\t\t<div class=\"e-con-inner\">\n\t\t\t\t<div class=\"elementor-element elementor-element-a7530d9 elementor-widget elementor-widget-text-editor\" data-id=\"a7530d9\" data-element_type=\"widget\" data-e-type=\"widget\" data-widget_type=\"text-editor.default\">\n\t\t\t\t<div class=\"elementor-widget-container\">\n\t\t\t\t\t\t\t\t\t<p><a href=\"https:\/\/www.andancas.net\/site\/wp-content\/uploads\/2025\/01\/2022_Monitorizacao_Sustentabilidade_Andancas.pdf\" target=\"_blank\" rel=\"noopener\">RELAT\u00d3RIO DA SUSTENTABILIDADE NO ANDAN\u00c7AS 2022<\/a><\/p><p><a href=\"https:\/\/www.andancas.net\/site\/wp-content\/uploads\/2025\/04\/Microsoft-Word-2023_RelatorioSustentabilidadeAndancas2023.docx.pdf\" target=\"_blank\" rel=\"noopener\">RELAT\u00d3RIO DA SUSTENTABILIDADE NO ANDAN\u00c7AS 2023<\/a><\/p><p><a href=\"https:\/\/www.andancas.net\/site\/2025\/01\/02\/a-dose-certa-andancas-foi-considerada-uma-pratica-exemplar-pelo-forum-europeu-para-a-reducao-do-desperdicio-alimentar\/\" target=\"_blank\" rel=\"noopener\">A DOSE CERTA ANDAN\u00c7AS FOI CONSIDERADA UMA PR\u00c1TICA EXEMPLAR PELO FOR\u00daM EUROPEU PARA REDU\u00c7\u00c3O DO DESPED\u00cdCIO ALIMENTAR!<\/a><\/p>\t\t\t\t\t\t\t\t<\/div>\n\t\t\t\t<\/div>\n\t\t\t\t\t<\/div>\n\t\t\t\t<\/div>\n\t\t\t\t<\/div>\n\t\t","protected":false},"excerpt":{"rendered":"<p>COMO FAZEMOS O Andan\u00e7as promove uma vis\u00e3o sist\u00e9mica e de ciclo-de-vida dos processos de produ\u00e7\u00e3o e consumo, de produtos e servi\u00e7os, com objetivos idealizados de \u201czero desperd\u00edcio\u201d, procurando contribuir para um consumo e modos de vida mais sustent\u00e1veis. PRINC\u00cdPIOS E COMPROMISSOS Na P\u00e9deXumbo temos consci\u00eancia que qualquer evento de grandes dimens\u00f5es produz impactes ambientais, sociais <a href=\"https:\/\/www.andancas.net\/site\/sustentabilidade\/\" class=\"more-link\">&#8230;<span class=\"screen-reader-text\">  SUSTENTABILIDADE<\/span><\/a><\/p>\n","protected":false},"author":1,"featured_media":7796,"parent":0,"menu_order":0,"comment_status":"closed","ping_status":"closed","template":"","meta":{"_uf_show_specific_survey":0,"_uf_disable_surveys":false,"footnotes":""},"class_list":["post-7794","page","type-page","status-publish","has-post-thumbnail","hentry"],"aioseo_notices":[],"aioseo_head":"\n\t\t<!-- All in One SEO 5.0.1 - aioseo.com -->\n\t<meta name=\"description\" content=\"COMO FAZEMOSO Andan\u00e7as promove uma vis\u00e3o sist\u00e9mica e de ciclo-de-vida dos processos de produ\u00e7\u00e3o e consumo, de produtos e servi\u00e7os, com objetivos idealizados de \u201czero desperd\u00edcio\u201d, procurando contribuir para um consumo e modos de vida mais sustent\u00e1veis.PRINC\u00cdPIOS E COMPROMISSOSNa P\u00e9deXumbo temos consci\u00eancia que qualquer evento de grandes dimens\u00f5es produz impactes ambientais, sociais e econ\u00f3micos. Procuramos,\" \/>\n\t<meta name=\"robots\" content=\"max-image-preview:large\" \/>\n\t<link rel=\"canonical\" href=\"https:\/\/www.andancas.net\/site\/sustentabilidade\/\" \/>\n\t<meta name=\"generator\" content=\"All in One SEO (AIOSEO) 5.0.1\" \/>\n\t\t<meta property=\"og:locale\" content=\"pt_PT\" \/>\n\t\t<meta property=\"og:site_name\" content=\"Andan\u00e7as -\" \/>\n\t\t<meta property=\"og:type\" content=\"article\" \/>\n\t\t<meta property=\"og:title\" content=\"SUSTENTABILIDADE - Andan\u00e7as\" \/>\n\t\t<meta property=\"og:description\" content=\"COMO FAZEMOSO Andan\u00e7as promove uma vis\u00e3o sist\u00e9mica e de ciclo-de-vida dos processos de produ\u00e7\u00e3o e consumo, de produtos e servi\u00e7os, com objetivos idealizados de \u201czero desperd\u00edcio\u201d, procurando contribuir para um consumo e modos de vida mais sustent\u00e1veis.PRINC\u00cdPIOS E COMPROMISSOSNa P\u00e9deXumbo temos consci\u00eancia que qualquer evento de grandes dimens\u00f5es produz impactes ambientais, sociais e econ\u00f3micos. Procuramos,\" \/>\n\t\t<meta property=\"og:url\" content=\"https:\/\/www.andancas.net\/site\/sustentabilidade\/\" \/>\n\t\t<meta property=\"article:published_time\" content=\"2024-12-27T17:26:06+00:00\" \/>\n\t\t<meta property=\"article:modified_time\" content=\"2025-08-04T15:45:45+00:00\" \/>\n\t\t<meta name=\"twitter:card\" content=\"summary_large_image\" \/>\n\t\t<meta name=\"twitter:title\" content=\"SUSTENTABILIDADE - Andan\u00e7as\" \/>\n\t\t<meta name=\"twitter:description\" content=\"COMO FAZEMOSO Andan\u00e7as promove uma vis\u00e3o sist\u00e9mica e de ciclo-de-vida dos processos de produ\u00e7\u00e3o e consumo, de produtos e servi\u00e7os, com objetivos idealizados de \u201czero desperd\u00edcio\u201d, procurando contribuir para um consumo e modos de vida mais sustent\u00e1veis.PRINC\u00cdPIOS E COMPROMISSOSNa P\u00e9deXumbo temos consci\u00eancia que qualquer evento de grandes dimens\u00f5es produz impactes ambientais, sociais e econ\u00f3micos. Procuramos,\" \/>\n\t\t<script type=\"application\/ld+json\" class=\"aioseo-schema\">\n\t\t\t{\"@context\":\"https:\\\/\\\/schema.org\",\"@graph\":[{\"@type\":\"BreadcrumbList\",\"@id\":\"https:\\\/\\\/www.andancas.net\\\/site\\\/sustentabilidade\\\/#breadcrumblist\",\"itemListElement\":[{\"@type\":\"ListItem\",\"@id\":\"https:\\\/\\\/www.andancas.net\\\/site#listItem\",\"position\":1,\"name\":\"Home\",\"item\":\"https:\\\/\\\/www.andancas.net\\\/site\",\"nextItem\":{\"@type\":\"ListItem\",\"@id\":\"https:\\\/\\\/www.andancas.net\\\/site\\\/sustentabilidade\\\/#listItem\",\"name\":\"SUSTENTABILIDADE\"}},{\"@type\":\"ListItem\",\"@id\":\"https:\\\/\\\/www.andancas.net\\\/site\\\/sustentabilidade\\\/#listItem\",\"position\":2,\"name\":\"SUSTENTABILIDADE\",\"previousItem\":{\"@type\":\"ListItem\",\"@id\":\"https:\\\/\\\/www.andancas.net\\\/site#listItem\",\"name\":\"Home\"}}]},{\"@type\":\"Organization\",\"@id\":\"https:\\\/\\\/www.andancas.net\\\/site\\\/#organization\",\"name\":\"Andan\\u00e7as\",\"url\":\"https:\\\/\\\/www.andancas.net\\\/site\\\/\"},{\"@type\":\"WebPage\",\"@id\":\"https:\\\/\\\/www.andancas.net\\\/site\\\/sustentabilidade\\\/#webpage\",\"url\":\"https:\\\/\\\/www.andancas.net\\\/site\\\/sustentabilidade\\\/\",\"name\":\"SUSTENTABILIDADE - Andan\\u00e7as\",\"description\":\"COMO FAZEMOSO Andan\\u00e7as promove uma vis\\u00e3o sist\\u00e9mica e de ciclo-de-vida dos processos de produ\\u00e7\\u00e3o e consumo, de produtos e servi\\u00e7os, com objetivos idealizados de \\u201czero desperd\\u00edcio\\u201d, procurando contribuir para um consumo e modos de vida mais sustent\\u00e1veis.PRINC\\u00cdPIOS E COMPROMISSOSNa P\\u00e9deXumbo temos consci\\u00eancia que qualquer evento de grandes dimens\\u00f5es produz impactes ambientais, sociais e econ\\u00f3micos. Procuramos,\",\"inLanguage\":\"pt-PT\",\"isPartOf\":{\"@id\":\"https:\\\/\\\/www.andancas.net\\\/site\\\/#website\"},\"breadcrumb\":{\"@id\":\"https:\\\/\\\/www.andancas.net\\\/site\\\/sustentabilidade\\\/#breadcrumblist\"},\"image\":{\"@type\":\"ImageObject\",\"url\":\"https:\\\/\\\/www.andancas.net\\\/site\\\/wp-content\\\/uploads\\\/2024\\\/12\\\/MG_5743.jpg\",\"@id\":\"https:\\\/\\\/www.andancas.net\\\/site\\\/sustentabilidade\\\/#mainImage\",\"width\":1800,\"height\":1200},\"primaryImageOfPage\":{\"@id\":\"https:\\\/\\\/www.andancas.net\\\/site\\\/sustentabilidade\\\/#mainImage\"},\"datePublished\":\"2024-12-27T17:26:06+00:00\",\"dateModified\":\"2025-08-04T15:45:45+00:00\"},{\"@type\":\"WebSite\",\"@id\":\"https:\\\/\\\/www.andancas.net\\\/site\\\/#website\",\"url\":\"https:\\\/\\\/www.andancas.net\\\/site\\\/\",\"name\":\"Andan\\u00e7as\",\"inLanguage\":\"pt-PT\",\"publisher\":{\"@id\":\"https:\\\/\\\/www.andancas.net\\\/site\\\/#organization\"}}]}\n\t\t<\/script>\n\t\t<!-- All in One SEO -->\n\n","aioseo_head_json":{"title":"SUSTENTABILIDADE - Andan\u00e7as","description":"COMO FAZEMOSO Andan\u00e7as promove uma vis\u00e3o sist\u00e9mica e de ciclo-de-vida dos processos de produ\u00e7\u00e3o e consumo, de produtos e servi\u00e7os, com objetivos idealizados de \u201czero desperd\u00edcio\u201d, procurando contribuir para um consumo e modos de vida mais sustent\u00e1veis.PRINC\u00cdPIOS E COMPROMISSOSNa P\u00e9deXumbo temos consci\u00eancia que qualquer evento de grandes dimens\u00f5es produz impactes ambientais, sociais e econ\u00f3micos. Procuramos,","canonical_url":"https:\/\/www.andancas.net\/site\/sustentabilidade\/","robots":"max-image-preview:large","keywords":"","webmasterTools":{"miscellaneous":""},"schema":{"@context":"https:\/\/schema.org","@graph":[{"@type":"BreadcrumbList","@id":"https:\/\/www.andancas.net\/site\/sustentabilidade\/#breadcrumblist","itemListElement":[{"@type":"ListItem","@id":"https:\/\/www.andancas.net\/site#listItem","position":1,"name":"Home","item":"https:\/\/www.andancas.net\/site","nextItem":{"@type":"ListItem","@id":"https:\/\/www.andancas.net\/site\/sustentabilidade\/#listItem","name":"SUSTENTABILIDADE"}},{"@type":"ListItem","@id":"https:\/\/www.andancas.net\/site\/sustentabilidade\/#listItem","position":2,"name":"SUSTENTABILIDADE","previousItem":{"@type":"ListItem","@id":"https:\/\/www.andancas.net\/site#listItem","name":"Home"}}]},{"@type":"Organization","@id":"https:\/\/www.andancas.net\/site\/#organization","name":"Andan\u00e7as","url":"https:\/\/www.andancas.net\/site\/"},{"@type":"WebPage","@id":"https:\/\/www.andancas.net\/site\/sustentabilidade\/#webpage","url":"https:\/\/www.andancas.net\/site\/sustentabilidade\/","name":"SUSTENTABILIDADE - Andan\u00e7as","description":"COMO FAZEMOSO Andan\u00e7as promove uma vis\u00e3o sist\u00e9mica e de ciclo-de-vida dos processos de produ\u00e7\u00e3o e consumo, de produtos e servi\u00e7os, com objetivos idealizados de \u201czero desperd\u00edcio\u201d, procurando contribuir para um consumo e modos de vida mais sustent\u00e1veis.PRINC\u00cdPIOS E COMPROMISSOSNa P\u00e9deXumbo temos consci\u00eancia que qualquer evento de grandes dimens\u00f5es produz impactes ambientais, sociais e econ\u00f3micos. Procuramos,","inLanguage":"pt-PT","isPartOf":{"@id":"https:\/\/www.andancas.net\/site\/#website"},"breadcrumb":{"@id":"https:\/\/www.andancas.net\/site\/sustentabilidade\/#breadcrumblist"},"image":{"@type":"ImageObject","url":"https:\/\/www.andancas.net\/site\/wp-content\/uploads\/2024\/12\/MG_5743.jpg","@id":"https:\/\/www.andancas.net\/site\/sustentabilidade\/#mainImage","width":1800,"height":1200},"primaryImageOfPage":{"@id":"https:\/\/www.andancas.net\/site\/sustentabilidade\/#mainImage"},"datePublished":"2024-12-27T17:26:06+00:00","dateModified":"2025-08-04T15:45:45+00:00"},{"@type":"WebSite","@id":"https:\/\/www.andancas.net\/site\/#website","url":"https:\/\/www.andancas.net\/site\/","name":"Andan\u00e7as","inLanguage":"pt-PT","publisher":{"@id":"https:\/\/www.andancas.net\/site\/#organization"}}]},"og:locale":"pt_PT","og:site_name":"Andan\u00e7as -","og:type":"article","og:title":"SUSTENTABILIDADE - Andan\u00e7as","og:description":"COMO FAZEMOSO Andan\u00e7as promove uma vis\u00e3o sist\u00e9mica e de ciclo-de-vida dos processos de produ\u00e7\u00e3o e consumo, de produtos e servi\u00e7os, com objetivos idealizados de \u201czero desperd\u00edcio\u201d, procurando contribuir para um consumo e modos de vida mais sustent\u00e1veis.PRINC\u00cdPIOS E COMPROMISSOSNa P\u00e9deXumbo temos consci\u00eancia que qualquer evento de grandes dimens\u00f5es produz impactes ambientais, sociais e econ\u00f3micos. Procuramos,","og:url":"https:\/\/www.andancas.net\/site\/sustentabilidade\/","article:published_time":"2024-12-27T17:26:06+00:00","article:modified_time":"2025-08-04T15:45:45+00:00","twitter:card":"summary_large_image","twitter:title":"SUSTENTABILIDADE - Andan\u00e7as","twitter:description":"COMO FAZEMOSO Andan\u00e7as promove uma vis\u00e3o sist\u00e9mica e de ciclo-de-vida dos processos de produ\u00e7\u00e3o e consumo, de produtos e servi\u00e7os, com objetivos idealizados de \u201czero desperd\u00edcio\u201d, procurando contribuir para um consumo e modos de vida mais sustent\u00e1veis.PRINC\u00cdPIOS E COMPROMISSOSNa P\u00e9deXumbo temos consci\u00eancia que qualquer evento de grandes dimens\u00f5es produz impactes ambientais, sociais e econ\u00f3micos. Procuramos,"},"aioseo_meta_data":[],"aioseo_breadcrumb":"<div class=\"aioseo-breadcrumbs\"><span class=\"aioseo-breadcrumb\">\n\t\t\t<a href=\"https:\/\/www.andancas.net\/site\" title=\"Home\">Home<\/a>\n\t\t<\/span><span class=\"aioseo-breadcrumb-separator\">&raquo;<\/span><span class=\"aioseo-breadcrumb\">\n\t\t\tSUSTENTABILIDADE\n\t\t<\/span><\/div>","aioseo_breadcrumb_json":[{"label":"Home","link":"https:\/\/www.andancas.net\/site"},{"label":"SUSTENTABILIDADE","link":"https:\/\/www.andancas.net\/site\/sustentabilidade\/"}],"_links":{"self":[{"href":"https:\/\/www.andancas.net\/site\/wp-json\/wp\/v2\/pages\/7794","targetHints":{"allow":["GET"]}}],"collection":[{"href":"https:\/\/www.andancas.net\/site\/wp-json\/wp\/v2\/pages"}],"about":[{"href":"https:\/\/www.andancas.net\/site\/wp-json\/wp\/v2\/types\/page"}],"author":[{"embeddable":true,"href":"https:\/\/www.andancas.net\/site\/wp-json\/wp\/v2\/users\/1"}],"replies":[{"embeddable":true,"href":"https:\/\/www.andancas.net\/site\/wp-json\/wp\/v2\/comments?post=7794"}],"version-history":[{"count":0,"href":"https:\/\/www.andancas.net\/site\/wp-json\/wp\/v2\/pages\/7794\/revisions"}],"wp:featuredmedia":[{"embeddable":true,"href":"https:\/\/www.andancas.net\/site\/wp-json\/wp\/v2\/media\/7796"}],"wp:attachment":[{"href":"https:\/\/www.andancas.net\/site\/wp-json\/wp\/v2\/media?parent=7794"}],"curies":[{"name":"wp","href":"https:\/\/api.w.org\/{rel}","templated":true}]}}